{"version":"1.0","provider_name":"Architekturforum Z\u00fcrcher Oberland","provider_url":"https:\/\/afzo.ch\/wp","author_name":"admin","author_url":"https:\/\/afzo.ch\/wp\/author\/werkteam_wt99\/","title":"Zentrum Kirchgasse | Kirchgasse \/ 8620 Wetzikon - Architekturforum Z\u00fcrcher Oberland","type":"rich","width":600,"height":338,"html":"<blockquote class=\"wp-embedded-content\" data-secret=\"wMpbVvVy6Q\"><a href=\"https:\/\/afzo.ch\/wp\/zentrum-kirchgasse-kirchgasse-8620-wetzikon\/\">Zentrum Kirchgasse | Kirchgasse \/ 8620 Wetzikon<\/a><\/blockquote><iframe sandbox=\"allow-scripts\" security=\"restricted\" src=\"https:\/\/afzo.ch\/wp\/zentrum-kirchgasse-kirchgasse-8620-wetzikon\/embed\/#?secret=wMpbVvVy6Q\" width=\"600\" height=\"338\" title=\"&#8222;Zentrum Kirchgasse | Kirchgasse \/ 8620 Wetzikon&#8220; &#8211; Architekturforum Z\u00fcrcher Oberland\" data-secret=\"wMpbVvVy6Q\" frameborder=\"0\" marginwidth=\"0\" marginheight=\"0\" scrolling=\"no\" class=\"wp-embedded-content\"><\/iframe><script>\n\/*! This file is auto-generated *\/\n!function(d,l){\"use strict\";l.querySelector&&d.addEventListener&&\"undefined\"!=typeof URL&&(d.wp=d.wp||{},d.wp.receiveEmbedMessage||(d.wp.receiveEmbedMessage=function(e){var t=e.data;if((t||t.secret||t.message||t.value)&&!\/[^a-zA-Z0-9]\/.test(t.secret)){for(var s,r,n,a=l.querySelectorAll('iframe[data-secret=\"'+t.secret+'\"]'),o=l.querySelectorAll('blockquote[data-secret=\"'+t.secret+'\"]'),c=new RegExp(\"^https?:$\",\"i\"),i=0;i<o.length;i++)o[i].style.display=\"none\";for(i=0;i<a.length;i++)s=a[i],e.source===s.contentWindow&&(s.removeAttribute(\"style\"),\"height\"===t.message?(1e3<(r=parseInt(t.value,10))?r=1e3:~~r<200&&(r=200),s.height=r):\"link\"===t.message&&(r=new URL(s.getAttribute(\"src\")),n=new URL(t.value),c.test(n.protocol))&&n.host===r.host&&l.activeElement===s&&(d.top.location.href=t.value))}},d.addEventListener(\"message\",d.wp.receiveEmbedMessage,!1),l.addEventListener(\"DOMContentLoaded\",function(){for(var e,t,s=l.querySelectorAll(\"iframe.wp-embedded-content\"),r=0;r<s.length;r++)(t=(e=s[r]).getAttribute(\"data-secret\"))||(t=Math.random().toString(36).substring(2,12),e.src+=\"#?secret=\"+t,e.setAttribute(\"data-secret\",t)),e.contentWindow.postMessage({message:\"ready\",secret:t},\"*\")},!1)))}(window,document);\n\/\/# sourceURL=https:\/\/afzo.ch\/wp\/wp-includes\/js\/wp-embed.min.js\n<\/script>\n","thumbnail_url":"http:\/\/afzo.ch\/wp\/wp-content\/uploads\/2025\/11\/02200507000.jpg","thumbnail_width":600,"thumbnail_height":300,"description":"&nbsp;&nbsp;&nbsp;&nbsp;&nbsp;&nbsp; Baubeschrieb Grosser Wohn-, Gesch\u00e4fts-, und Einkaufskomplex, mit 35 Wohnungen, COOP-Center, Einzelhandelsgesch\u00e4ften, B\u00fcros und Tiefgarage. \u00dcber dem zweigeschossigen Sockel erheben sich drei windfl\u00fcgelartig angeordnete flache Wohntrakte, welche im 2. Obergeschoss einen Hof bilden. Das Geb\u00e4ude ist \u00fcber einem rigorosen Raster entwickelt und ganz mit Sandstein verkleidet. Die grossz\u00fcgigen Wohnungen erhalten ihren Charakter durch die regelm\u00e4ssig &hellip; Mehr \u00fcber \"\" Lesen"}