{"version":"1.0","provider_name":"Architekturforum Z\u00fcrcher Oberland","provider_url":"https:\/\/afzo.ch\/wp","author_name":"admin","author_url":"https:\/\/afzo.ch\/wp\/author\/werkteam_wt99\/","title":"B\u00fcrogeb\u00e4ude ryffer + ryffel | Brunnenstrasse 14 \/ 8610 Uster - Architekturforum Z\u00fcrcher Oberland","type":"rich","width":600,"height":338,"html":"<blockquote class=\"wp-embedded-content\" data-secret=\"qutB4JvnSZ\"><a href=\"https:\/\/afzo.ch\/wp\/buerogebaeude-ryffer-ryffel-brunnenstrasse-14-8610-uster\/\">B\u00fcrogeb\u00e4ude ryffer + ryffel | Brunnenstrasse 14 \/ 8610 Uster<\/a><\/blockquote><iframe sandbox=\"allow-scripts\" security=\"restricted\" src=\"https:\/\/afzo.ch\/wp\/buerogebaeude-ryffer-ryffel-brunnenstrasse-14-8610-uster\/embed\/#?secret=qutB4JvnSZ\" width=\"600\" height=\"338\" title=\"&#8222;B\u00fcrogeb\u00e4ude ryffer + ryffel | Brunnenstrasse 14 \/ 8610 Uster&#8220; &#8211; Architekturforum Z\u00fcrcher Oberland\" data-secret=\"qutB4JvnSZ\" frameborder=\"0\" marginwidth=\"0\" marginheight=\"0\" scrolling=\"no\" class=\"wp-embedded-content\"><\/iframe><script>\n\/*! This file is auto-generated *\/\n!function(d,l){\"use strict\";l.querySelector&&d.addEventListener&&\"undefined\"!=typeof URL&&(d.wp=d.wp||{},d.wp.receiveEmbedMessage||(d.wp.receiveEmbedMessage=function(e){var t=e.data;if((t||t.secret||t.message||t.value)&&!\/[^a-zA-Z0-9]\/.test(t.secret)){for(var s,r,n,a=l.querySelectorAll('iframe[data-secret=\"'+t.secret+'\"]'),o=l.querySelectorAll('blockquote[data-secret=\"'+t.secret+'\"]'),c=new RegExp(\"^https?:$\",\"i\"),i=0;i<o.length;i++)o[i].style.display=\"none\";for(i=0;i<a.length;i++)s=a[i],e.source===s.contentWindow&&(s.removeAttribute(\"style\"),\"height\"===t.message?(1e3<(r=parseInt(t.value,10))?r=1e3:~~r<200&&(r=200),s.height=r):\"link\"===t.message&&(r=new URL(s.getAttribute(\"src\")),n=new URL(t.value),c.test(n.protocol))&&n.host===r.host&&l.activeElement===s&&(d.top.location.href=t.value))}},d.addEventListener(\"message\",d.wp.receiveEmbedMessage,!1),l.addEventListener(\"DOMContentLoaded\",function(){for(var e,t,s=l.querySelectorAll(\"iframe.wp-embedded-content\"),r=0;r<s.length;r++)(t=(e=s[r]).getAttribute(\"data-secret\"))||(t=Math.random().toString(36).substring(2,12),e.src+=\"#?secret=\"+t,e.setAttribute(\"data-secret\",t)),e.contentWindow.postMessage({message:\"ready\",secret:t},\"*\")},!1)))}(window,document);\n\/\/# sourceURL=https:\/\/afzo.ch\/wp\/wp-includes\/js\/wp-embed.min.js\n<\/script>\n","thumbnail_url":"http:\/\/afzo.ch\/wp\/wp-content\/uploads\/2025\/11\/02200512000.jpg","thumbnail_width":600,"thumbnail_height":300,"description":"&nbsp;&nbsp;&nbsp;&nbsp;&nbsp;&nbsp; Baubeschrieb Zweigeschossige B\u00fcro-Aufstockung in Leichtbauweise auf ein bestehendes ebenerdiges G\u00e4rtnereigeb\u00e4ude. Einfach strukturierter Holz- Elementbau mit Fassadenverkleidung in Gew\u00e4chshausverglasung. W\u00fcrdigung Das zeichenhafte Geb\u00e4ude im Zentrum der G\u00e4rtnerei ist als \u00fcber dem Sockelbauwerk schwebender Glasw\u00fcrfel dominant an die Kante der internen Werkstrasse gesetzt. Der regelm\u00e4ssige zweigeschossige Raster der feingliedrigen Fassadenverglasung dient als rationales Instrument f\u00fcr eine &hellip; Mehr \u00fcber \"\" Lesen"}